{"id":691,"date":"2014-01-23T21:22:31","date_gmt":"2014-01-23T21:22:31","guid":{"rendered":"http:\/\/www.boto.cz\/?page_id=691"},"modified":"2014-01-23T22:03:42","modified_gmt":"2014-01-23T22:03:42","slug":"pozorovani-pro-verejnost","status":"publish","type":"page","link":"http:\/\/www.boto.cz\/?page_id=691","title":{"rendered":"Pozorov\u00e1n\u00ed pro ve\u0159ejnost"},"content":{"rendered":"<p>Pozorov\u00e1n\u00ed pro ve\u0159ejnost v Beskydsk\u00e9 oblasti tmav\u00e9 oblohy.<\/p>\n<!-- default-view.php -->\n<div\n\tclass=\"ngg-galleryoverview default-view  ngg-ajax-pagination-none\"\n\tid=\"ngg-gallery-e39829b1f0263ec1234cd3b435004791-1\">\n\n\t\t<!-- Thumbnails -->\n\t\t\t\t<div id=\"ngg-image-0\" class=\"ngg-gallery-thumbnail-box \" >\n\t\t\t\t        <div class=\"ngg-gallery-thumbnail\">\n            <a href=\"http:\/\/www.boto.cz\/wp-content\/gallery\/pozorovani-pro-verejnost\/1148853_690882767592980_1937080918_n.jpg\"\n               title=\"Jarn\u00ed astronomick\u00fd den 5\/13\"\n               data-src=\"http:\/\/www.boto.cz\/wp-content\/gallery\/pozorovani-pro-verejnost\/1148853_690882767592980_1937080918_n.jpg\"\n               data-thumbnail=\"http:\/\/www.boto.cz\/wp-content\/gallery\/pozorovani-pro-verejnost\/thumbs\/thumbs_1148853_690882767592980_1937080918_n.jpg\"\n               data-image-id=\"265\"\n               data-title=\"Jarn\u00ed astronomick\u00fd den 5\/13\"\n               data-description=\"Jarn\u00ed astronomick\u00fd den 5\/13\"\n               data-image-slug=\"jarni-astronomicky-den-513\"\n               class=\"shutterset_e39829b1f0263ec1234cd3b435004791\">\n                <img\n                    title=\"Jarn\u00ed astronomick\u00fd den 5\/13\"\n                    alt=\"Jarn\u00ed astronomick\u00fd den 5\/13\"\n                    src=\"http:\/\/www.boto.cz\/wp-content\/gallery\/pozorovani-pro-verejnost\/thumbs\/thumbs_1148853_690882767592980_1937080918_n.jpg\"\n                    width=\"170\"\n                    height=\"140\"\n                    style=\"max-width:100%;\"\n                \/>\n            <\/a>\n        <\/div>\n\t\t\t\t\t\t\t<\/div> \n\t\t\t\n\t\t\t\t<div id=\"ngg-image-1\" class=\"ngg-gallery-thumbnail-box \" >\n\t\t\t\t        <div class=\"ngg-gallery-thumbnail\">\n            <a href=\"http:\/\/www.boto.cz\/wp-content\/gallery\/pozorovani-pro-verejnost\/263277_650817708266153_1060566270_n.jpg\"\n               title=\"Jarn\u00ed astronomick\u00fd den 5\/13\"\n               data-src=\"http:\/\/www.boto.cz\/wp-content\/gallery\/pozorovani-pro-verejnost\/263277_650817708266153_1060566270_n.jpg\"\n               data-thumbnail=\"http:\/\/www.boto.cz\/wp-content\/gallery\/pozorovani-pro-verejnost\/thumbs\/thumbs_263277_650817708266153_1060566270_n.jpg\"\n               data-image-id=\"266\"\n               data-title=\"Jarn\u00ed astronomick\u00fd den 5\/13\"\n               data-description=\"Jarn\u00ed astronomick\u00fd den 5\/13\"\n               data-image-slug=\"jarni-astronomicky-den-513-2\"\n               class=\"shutterset_e39829b1f0263ec1234cd3b435004791\">\n                <img\n                    title=\"Jarn\u00ed astronomick\u00fd den 5\/13\"\n                    alt=\"Jarn\u00ed astronomick\u00fd den 5\/13\"\n                    src=\"http:\/\/www.boto.cz\/wp-content\/gallery\/pozorovani-pro-verejnost\/thumbs\/thumbs_263277_650817708266153_1060566270_n.jpg\"\n                    width=\"170\"\n                    height=\"140\"\n                    style=\"max-width:100%;\"\n                \/>\n            <\/a>\n        <\/div>\n\t\t\t\t\t\t\t<\/div> \n\t\t\t\n\t\t\t\t<div id=\"ngg-image-2\" class=\"ngg-gallery-thumbnail-box \" >\n\t\t\t\t        <div class=\"ngg-gallery-thumbnail\">\n            <a href=\"http:\/\/www.boto.cz\/wp-content\/gallery\/pozorovani-pro-verejnost\/467582_650817514932839_1082892993_o.jpg\"\n               title=\"Jarn\u00ed astronomick\u00fd den 5\/13\"\n               data-src=\"http:\/\/www.boto.cz\/wp-content\/gallery\/pozorovani-pro-verejnost\/467582_650817514932839_1082892993_o.jpg\"\n               data-thumbnail=\"http:\/\/www.boto.cz\/wp-content\/gallery\/pozorovani-pro-verejnost\/thumbs\/thumbs_467582_650817514932839_1082892993_o.jpg\"\n               data-image-id=\"267\"\n               data-title=\"Jarn\u00ed astronomick\u00fd den 5\/13\"\n               data-description=\"Jarn\u00ed astronomick\u00fd den 5\/13\"\n               data-image-slug=\"jarni-astronomicky-den-513-3\"\n               class=\"shutterset_e39829b1f0263ec1234cd3b435004791\">\n                <img\n                    title=\"Jarn\u00ed astronomick\u00fd den 5\/13\"\n                    alt=\"Jarn\u00ed astronomick\u00fd den 5\/13\"\n                    src=\"http:\/\/www.boto.cz\/wp-content\/gallery\/pozorovani-pro-verejnost\/thumbs\/thumbs_467582_650817514932839_1082892993_o.jpg\"\n                    width=\"170\"\n                    height=\"140\"\n                    style=\"max-width:100%;\"\n                \/>\n            <\/a>\n        <\/div>\n\t\t\t\t\t\t\t<\/div> \n\t\t\t\n\t\t\t\t<div id=\"ngg-image-3\" class=\"ngg-gallery-thumbnail-box \" >\n\t\t\t\t        <div class=\"ngg-gallery-thumbnail\">\n            <a href=\"http:\/\/www.boto.cz\/wp-content\/gallery\/pozorovani-pro-verejnost\/964289_650817494932841_773557814_o.jpg\"\n               title=\"Jarn\u00ed astronomick\u00fd den 5\/13\"\n               data-src=\"http:\/\/www.boto.cz\/wp-content\/gallery\/pozorovani-pro-verejnost\/964289_650817494932841_773557814_o.jpg\"\n               data-thumbnail=\"http:\/\/www.boto.cz\/wp-content\/gallery\/pozorovani-pro-verejnost\/thumbs\/thumbs_964289_650817494932841_773557814_o.jpg\"\n               data-image-id=\"268\"\n               data-title=\"Jarn\u00ed astronomick\u00fd den 5\/13\"\n               data-description=\"Jarn\u00ed astronomick\u00fd den 5\/13\"\n               data-image-slug=\"jarni-astronomicky-den-513-4\"\n               class=\"shutterset_e39829b1f0263ec1234cd3b435004791\">\n                <img\n                    title=\"Jarn\u00ed astronomick\u00fd den 5\/13\"\n                    alt=\"Jarn\u00ed astronomick\u00fd den 5\/13\"\n                    src=\"http:\/\/www.boto.cz\/wp-content\/gallery\/pozorovani-pro-verejnost\/thumbs\/thumbs_964289_650817494932841_773557814_o.jpg\"\n                    width=\"170\"\n                    height=\"140\"\n                    style=\"max-width:100%;\"\n                \/>\n            <\/a>\n        <\/div>\n\t\t\t\t\t\t\t<\/div> \n\t\t\t\n\t\t\t\t<div id=\"ngg-image-4\" class=\"ngg-gallery-thumbnail-box \" >\n\t\t\t\t        <div class=\"ngg-gallery-thumbnail\">\n            <a href=\"http:\/\/www.boto.cz\/wp-content\/gallery\/pozorovani-pro-verejnost\/964920_650837438264180_667472485_o.jpg\"\n               title=\"Jarn\u00ed astronomick\u00fd den 5\/13\"\n               data-src=\"http:\/\/www.boto.cz\/wp-content\/gallery\/pozorovani-pro-verejnost\/964920_650837438264180_667472485_o.jpg\"\n               data-thumbnail=\"http:\/\/www.boto.cz\/wp-content\/gallery\/pozorovani-pro-verejnost\/thumbs\/thumbs_964920_650837438264180_667472485_o.jpg\"\n               data-image-id=\"269\"\n               data-title=\"Jarn\u00ed astronomick\u00fd den 5\/13\"\n               data-description=\"Jarn\u00ed astronomick\u00fd den 5\/13\"\n               data-image-slug=\"jarni-astronomicky-den-513-5\"\n               class=\"shutterset_e39829b1f0263ec1234cd3b435004791\">\n                <img\n                    title=\"Jarn\u00ed astronomick\u00fd den 5\/13\"\n                    alt=\"Jarn\u00ed astronomick\u00fd den 5\/13\"\n                    src=\"http:\/\/www.boto.cz\/wp-content\/gallery\/pozorovani-pro-verejnost\/thumbs\/thumbs_964920_650837438264180_667472485_o.jpg\"\n                    width=\"170\"\n                    height=\"140\"\n                    style=\"max-width:100%;\"\n                \/>\n            <\/a>\n        <\/div>\n\t\t\t\t\t\t\t<\/div> \n\t\t\t\n\t\t\t\t<div id=\"ngg-image-5\" class=\"ngg-gallery-thumbnail-box \" >\n\t\t\t\t        <div class=\"ngg-gallery-thumbnail\">\n            <a href=\"http:\/\/www.boto.cz\/wp-content\/gallery\/pozorovani-pro-verejnost\/965738_650817631599494_454182420_o.jpg\"\n               title=\"Jarn\u00ed astronomick\u00fd den 5\/13\"\n               data-src=\"http:\/\/www.boto.cz\/wp-content\/gallery\/pozorovani-pro-verejnost\/965738_650817631599494_454182420_o.jpg\"\n               data-thumbnail=\"http:\/\/www.boto.cz\/wp-content\/gallery\/pozorovani-pro-verejnost\/thumbs\/thumbs_965738_650817631599494_454182420_o.jpg\"\n               data-image-id=\"270\"\n               data-title=\"Jarn\u00ed astronomick\u00fd den 5\/13\"\n               data-description=\"Jarn\u00ed astronomick\u00fd den 5\/13\"\n               data-image-slug=\"jarni-astronomicky-den-513-6\"\n               class=\"shutterset_e39829b1f0263ec1234cd3b435004791\">\n                <img\n                    title=\"Jarn\u00ed astronomick\u00fd den 5\/13\"\n                    alt=\"Jarn\u00ed astronomick\u00fd den 5\/13\"\n                    src=\"http:\/\/www.boto.cz\/wp-content\/gallery\/pozorovani-pro-verejnost\/thumbs\/thumbs_965738_650817631599494_454182420_o.jpg\"\n                    width=\"170\"\n                    height=\"140\"\n                    style=\"max-width:100%;\"\n                \/>\n            <\/a>\n        <\/div>\n\t\t\t\t\t\t\t<\/div> \n\t\t\t\n\t\t\t\t<div id=\"ngg-image-6\" class=\"ngg-gallery-thumbnail-box \" >\n\t\t\t\t        <div class=\"ngg-gallery-thumbnail\">\n            <a href=\"http:\/\/www.boto.cz\/wp-content\/gallery\/pozorovani-pro-verejnost\/967173_650817471599510_370622514_o.jpg\"\n               title=\"Jarn\u00ed astronomick\u00fd den 5\/13\"\n               data-src=\"http:\/\/www.boto.cz\/wp-content\/gallery\/pozorovani-pro-verejnost\/967173_650817471599510_370622514_o.jpg\"\n               data-thumbnail=\"http:\/\/www.boto.cz\/wp-content\/gallery\/pozorovani-pro-verejnost\/thumbs\/thumbs_967173_650817471599510_370622514_o.jpg\"\n               data-image-id=\"271\"\n               data-title=\"Jarn\u00ed astronomick\u00fd den 5\/13\"\n               data-description=\"Jarn\u00ed astronomick\u00fd den 5\/13\"\n               data-image-slug=\"jarni-astronomicky-den-513-7\"\n               class=\"shutterset_e39829b1f0263ec1234cd3b435004791\">\n                <img\n                    title=\"Jarn\u00ed astronomick\u00fd den 5\/13\"\n                    alt=\"Jarn\u00ed astronomick\u00fd den 5\/13\"\n                    src=\"http:\/\/www.boto.cz\/wp-content\/gallery\/pozorovani-pro-verejnost\/thumbs\/thumbs_967173_650817471599510_370622514_o.jpg\"\n                    width=\"170\"\n                    height=\"140\"\n                    style=\"max-width:100%;\"\n                \/>\n            <\/a>\n        <\/div>\n\t\t\t\t\t\t\t<\/div> \n\t\t\t\n\t\t\t\t<div id=\"ngg-image-7\" class=\"ngg-gallery-thumbnail-box \" >\n\t\t\t\t        <div class=\"ngg-gallery-thumbnail\">\n            <a href=\"http:\/\/www.boto.cz\/wp-content\/gallery\/pozorovani-pro-verejnost\/977875_650817621599495_1150179877_o.jpg\"\n               title=\"Jarn\u00ed astronomick\u00fd den 5\/13\"\n               data-src=\"http:\/\/www.boto.cz\/wp-content\/gallery\/pozorovani-pro-verejnost\/977875_650817621599495_1150179877_o.jpg\"\n               data-thumbnail=\"http:\/\/www.boto.cz\/wp-content\/gallery\/pozorovani-pro-verejnost\/thumbs\/thumbs_977875_650817621599495_1150179877_o.jpg\"\n               data-image-id=\"272\"\n               data-title=\"Jarn\u00ed astronomick\u00fd den 5\/13\"\n               data-description=\"Jarn\u00ed astronomick\u00fd den 5\/13\"\n               data-image-slug=\"jarni-astronomicky-den-513-8\"\n               class=\"shutterset_e39829b1f0263ec1234cd3b435004791\">\n                <img\n                    title=\"Jarn\u00ed astronomick\u00fd den 5\/13\"\n                    alt=\"Jarn\u00ed astronomick\u00fd den 5\/13\"\n                    src=\"http:\/\/www.boto.cz\/wp-content\/gallery\/pozorovani-pro-verejnost\/thumbs\/thumbs_977875_650817621599495_1150179877_o.jpg\"\n                    width=\"170\"\n                    height=\"140\"\n                    style=\"max-width:100%;\"\n                \/>\n            <\/a>\n        <\/div>\n\t\t\t\t\t\t\t<\/div> \n\t\t\t\n\t\t\t\t<div id=\"ngg-image-8\" class=\"ngg-gallery-thumbnail-box \" >\n\t\t\t\t        <div class=\"ngg-gallery-thumbnail\">\n            <a href=\"http:\/\/www.boto.cz\/wp-content\/gallery\/pozorovani-pro-verejnost\/980447_650817628266161_1048657725_o.jpg\"\n               title=\"Jarn\u00ed astronomick\u00fd den 5\/13\"\n               data-src=\"http:\/\/www.boto.cz\/wp-content\/gallery\/pozorovani-pro-verejnost\/980447_650817628266161_1048657725_o.jpg\"\n               data-thumbnail=\"http:\/\/www.boto.cz\/wp-content\/gallery\/pozorovani-pro-verejnost\/thumbs\/thumbs_980447_650817628266161_1048657725_o.jpg\"\n               data-image-id=\"273\"\n               data-title=\"Jarn\u00ed astronomick\u00fd den 5\/13\"\n               data-description=\"Jarn\u00ed astronomick\u00fd den 5\/13\"\n               data-image-slug=\"jarni-astronomicky-den-513-9\"\n               class=\"shutterset_e39829b1f0263ec1234cd3b435004791\">\n                <img\n                    title=\"Jarn\u00ed astronomick\u00fd den 5\/13\"\n                    alt=\"Jarn\u00ed astronomick\u00fd den 5\/13\"\n                    src=\"http:\/\/www.boto.cz\/wp-content\/gallery\/pozorovani-pro-verejnost\/thumbs\/thumbs_980447_650817628266161_1048657725_o.jpg\"\n                    width=\"170\"\n                    height=\"140\"\n                    style=\"max-width:100%;\"\n                \/>\n            <\/a>\n        <\/div>\n\t\t\t\t\t\t\t<\/div> \n\t\t\t\n\t\t\t\t<div id=\"ngg-image-9\" class=\"ngg-gallery-thumbnail-box \" >\n\t\t\t\t        <div class=\"ngg-gallery-thumbnail\">\n            <a href=\"http:\/\/www.boto.cz\/wp-content\/gallery\/pozorovani-pro-verejnost\/img_10002.jpg\"\n               title=\"Jarn\u00ed astronomick\u00fd den 5\/13\"\n               data-src=\"http:\/\/www.boto.cz\/wp-content\/gallery\/pozorovani-pro-verejnost\/img_10002.jpg\"\n               data-thumbnail=\"http:\/\/www.boto.cz\/wp-content\/gallery\/pozorovani-pro-verejnost\/thumbs\/thumbs_img_10002.jpg\"\n               data-image-id=\"274\"\n               data-title=\"Jarn\u00ed astronomick\u00fd den 5\/13\"\n               data-description=\"Jarn\u00ed astronomick\u00fd den 5\/13\"\n               data-image-slug=\"jarni-astronomicky-den-513-10\"\n               class=\"shutterset_e39829b1f0263ec1234cd3b435004791\">\n                <img\n                    title=\"Jarn\u00ed astronomick\u00fd den 5\/13\"\n                    alt=\"Jarn\u00ed astronomick\u00fd den 5\/13\"\n                    src=\"http:\/\/www.boto.cz\/wp-content\/gallery\/pozorovani-pro-verejnost\/thumbs\/thumbs_img_10002.jpg\"\n                    width=\"170\"\n                    height=\"140\"\n                    style=\"max-width:100%;\"\n                \/>\n            <\/a>\n        <\/div>\n\t\t\t\t\t\t\t<\/div> \n\t\t\t\n\t\t\t\t<div id=\"ngg-image-10\" class=\"ngg-gallery-thumbnail-box \" >\n\t\t\t\t        <div class=\"ngg-gallery-thumbnail\">\n            <a href=\"http:\/\/www.boto.cz\/wp-content\/gallery\/pozorovani-pro-verejnost\/img_10004.jpg\"\n               title=\"Jarn\u00ed astronomick\u00fd den 5\/13\"\n               data-src=\"http:\/\/www.boto.cz\/wp-content\/gallery\/pozorovani-pro-verejnost\/img_10004.jpg\"\n               data-thumbnail=\"http:\/\/www.boto.cz\/wp-content\/gallery\/pozorovani-pro-verejnost\/thumbs\/thumbs_img_10004.jpg\"\n               data-image-id=\"275\"\n               data-title=\"Jarn\u00ed astronomick\u00fd den 5\/13\"\n               data-description=\"Jarn\u00ed astronomick\u00fd den 5\/13\"\n               data-image-slug=\"jarni-astronomicky-den-513-11\"\n               class=\"shutterset_e39829b1f0263ec1234cd3b435004791\">\n                <img\n                    title=\"Jarn\u00ed astronomick\u00fd den 5\/13\"\n                    alt=\"Jarn\u00ed astronomick\u00fd den 5\/13\"\n                    src=\"http:\/\/www.boto.cz\/wp-content\/gallery\/pozorovani-pro-verejnost\/thumbs\/thumbs_img_10004.jpg\"\n                    width=\"170\"\n                    height=\"140\"\n                    style=\"max-width:100%;\"\n                \/>\n            <\/a>\n        <\/div>\n\t\t\t\t\t\t\t<\/div> \n\t\t\t\n\t\t\t\t<div id=\"ngg-image-11\" class=\"ngg-gallery-thumbnail-box \" >\n\t\t\t\t        <div class=\"ngg-gallery-thumbnail\">\n            <a href=\"http:\/\/www.boto.cz\/wp-content\/gallery\/pozorovani-pro-verejnost\/img_1213.jpg\"\n               title=\"Noc v\u011bdc\u016f 9\/12\"\n               data-src=\"http:\/\/www.boto.cz\/wp-content\/gallery\/pozorovani-pro-verejnost\/img_1213.jpg\"\n               data-thumbnail=\"http:\/\/www.boto.cz\/wp-content\/gallery\/pozorovani-pro-verejnost\/thumbs\/thumbs_img_1213.jpg\"\n               data-image-id=\"276\"\n               data-title=\"Noc v\u011bdc\u016f 9\/12\"\n               data-description=\"Noc v\u011bdc\u016f 9\/12\"\n               data-image-slug=\"noc-vedcu-912\"\n               class=\"shutterset_e39829b1f0263ec1234cd3b435004791\">\n                <img\n                    title=\"Noc v\u011bdc\u016f 9\/12\"\n                    alt=\"Noc v\u011bdc\u016f 9\/12\"\n                    src=\"http:\/\/www.boto.cz\/wp-content\/gallery\/pozorovani-pro-verejnost\/thumbs\/thumbs_img_1213.jpg\"\n                    width=\"170\"\n                    height=\"140\"\n                    style=\"max-width:100%;\"\n                \/>\n            <\/a>\n        <\/div>\n\t\t\t\t\t\t\t<\/div> \n\t\t\t\n\t\t\t\t<div id=\"ngg-image-12\" class=\"ngg-gallery-thumbnail-box \" >\n\t\t\t\t        <div class=\"ngg-gallery-thumbnail\">\n            <a href=\"http:\/\/www.boto.cz\/wp-content\/gallery\/pozorovani-pro-verejnost\/img_2139.jpg\"\n               title=\"Noc v\u011bdc\u016f 9\/13\"\n               data-src=\"http:\/\/www.boto.cz\/wp-content\/gallery\/pozorovani-pro-verejnost\/img_2139.jpg\"\n               data-thumbnail=\"http:\/\/www.boto.cz\/wp-content\/gallery\/pozorovani-pro-verejnost\/thumbs\/thumbs_img_2139.jpg\"\n               data-image-id=\"277\"\n               data-title=\"Noc v\u011bdc\u016f 9\/13\"\n               data-description=\"Noc v\u011bdc\u016f 9\/13\"\n               data-image-slug=\"noc-vedcu-913\"\n               class=\"shutterset_e39829b1f0263ec1234cd3b435004791\">\n                <img\n                    title=\"Noc v\u011bdc\u016f 9\/13\"\n                    alt=\"Noc v\u011bdc\u016f 9\/13\"\n                    src=\"http:\/\/www.boto.cz\/wp-content\/gallery\/pozorovani-pro-verejnost\/thumbs\/thumbs_img_2139.jpg\"\n                    width=\"170\"\n                    height=\"140\"\n                    style=\"max-width:100%;\"\n                \/>\n            <\/a>\n        <\/div>\n\t\t\t\t\t\t\t<\/div> \n\t\t\t\n\t\t\t\t<div id=\"ngg-image-13\" class=\"ngg-gallery-thumbnail-box \" >\n\t\t\t\t        <div class=\"ngg-gallery-thumbnail\">\n            <a href=\"http:\/\/www.boto.cz\/wp-content\/gallery\/pozorovani-pro-verejnost\/img_2144.jpg\"\n               title=\"Noc v\u011bdc\u016f 9\/13\"\n               data-src=\"http:\/\/www.boto.cz\/wp-content\/gallery\/pozorovani-pro-verejnost\/img_2144.jpg\"\n               data-thumbnail=\"http:\/\/www.boto.cz\/wp-content\/gallery\/pozorovani-pro-verejnost\/thumbs\/thumbs_img_2144.jpg\"\n               data-image-id=\"278\"\n               data-title=\"Noc v\u011bdc\u016f 9\/13\"\n               data-description=\"Noc v\u011bdc\u016f 9\/13\"\n               data-image-slug=\"noc-vedcu-913-2\"\n               class=\"shutterset_e39829b1f0263ec1234cd3b435004791\">\n                <img\n                    title=\"Noc v\u011bdc\u016f 9\/13\"\n                    alt=\"Noc v\u011bdc\u016f 9\/13\"\n                    src=\"http:\/\/www.boto.cz\/wp-content\/gallery\/pozorovani-pro-verejnost\/thumbs\/thumbs_img_2144.jpg\"\n                    width=\"170\"\n                    height=\"140\"\n                    style=\"max-width:100%;\"\n                \/>\n            <\/a>\n        <\/div>\n\t\t\t\t\t\t\t<\/div> \n\t\t\t\n\t\t\t\t<div id=\"ngg-image-14\" class=\"ngg-gallery-thumbnail-box \" >\n\t\t\t\t        <div class=\"ngg-gallery-thumbnail\">\n            <a href=\"http:\/\/www.boto.cz\/wp-content\/gallery\/pozorovani-pro-verejnost\/img_2158.jpg\"\n               title=\"Noc v\u011bdc\u016f 9\/13\"\n               data-src=\"http:\/\/www.boto.cz\/wp-content\/gallery\/pozorovani-pro-verejnost\/img_2158.jpg\"\n               data-thumbnail=\"http:\/\/www.boto.cz\/wp-content\/gallery\/pozorovani-pro-verejnost\/thumbs\/thumbs_img_2158.jpg\"\n               data-image-id=\"279\"\n               data-title=\"Noc v\u011bdc\u016f 9\/13\"\n               data-description=\"Noc v\u011bdc\u016f 9\/13\"\n               data-image-slug=\"noc-vedcu-913-3\"\n               class=\"shutterset_e39829b1f0263ec1234cd3b435004791\">\n                <img\n                    title=\"Noc v\u011bdc\u016f 9\/13\"\n                    alt=\"Noc v\u011bdc\u016f 9\/13\"\n                    src=\"http:\/\/www.boto.cz\/wp-content\/gallery\/pozorovani-pro-verejnost\/thumbs\/thumbs_img_2158.jpg\"\n                    width=\"170\"\n                    height=\"140\"\n                    style=\"max-width:100%;\"\n                \/>\n            <\/a>\n        <\/div>\n\t\t\t\t\t\t\t<\/div> \n\t\t\t\n\t\t\t\t<div id=\"ngg-image-15\" class=\"ngg-gallery-thumbnail-box \" >\n\t\t\t\t        <div class=\"ngg-gallery-thumbnail\">\n            <a href=\"http:\/\/www.boto.cz\/wp-content\/gallery\/pozorovani-pro-verejnost\/img_358.jpg\"\n               title=\"Prezentace oblasti s pozorov\u00e1n\u00edm Slunce ve skanzenu v Ro\u017enov\u011b 6\/13\"\n               data-src=\"http:\/\/www.boto.cz\/wp-content\/gallery\/pozorovani-pro-verejnost\/img_358.jpg\"\n               data-thumbnail=\"http:\/\/www.boto.cz\/wp-content\/gallery\/pozorovani-pro-verejnost\/thumbs\/thumbs_img_358.jpg\"\n               data-image-id=\"280\"\n               data-title=\"Prezentace oblasti s pozorov\u00e1n\u00edm Slunce ve skanzenu v Ro\u017enov\u011b 6\/13\"\n               data-description=\"Prezentace oblasti s pozorov\u00e1n\u00edm Slunce ve skanzenu v Ro\u017enov\u011b 6\/13\"\n               data-image-slug=\"prezentace-oblasti-s-pozorovanim-slunce-ve-skanzenu-v-roznove-613\"\n               class=\"shutterset_e39829b1f0263ec1234cd3b435004791\">\n                <img\n                    title=\"Prezentace oblasti s pozorov\u00e1n\u00edm Slunce ve skanzenu v Ro\u017enov\u011b 6\/13\"\n                    alt=\"Prezentace oblasti s pozorov\u00e1n\u00edm Slunce ve skanzenu v Ro\u017enov\u011b 6\/13\"\n                    src=\"http:\/\/www.boto.cz\/wp-content\/gallery\/pozorovani-pro-verejnost\/thumbs\/thumbs_img_358.jpg\"\n                    width=\"170\"\n                    height=\"140\"\n                    style=\"max-width:100%;\"\n                \/>\n            <\/a>\n        <\/div>\n\t\t\t\t\t\t\t<\/div> \n\t\t\t\n\t\t\t\t<div id=\"ngg-image-16\" class=\"ngg-gallery-thumbnail-box \" >\n\t\t\t\t        <div class=\"ngg-gallery-thumbnail\">\n            <a href=\"http:\/\/www.boto.cz\/wp-content\/gallery\/pozorovani-pro-verejnost\/img_365.jpg\"\n               title=\"Prezentace oblasti s pozorov\u00e1n\u00edm Slunce ve skanzenu v Ro\u017enov\u011b 6\/13\"\n               data-src=\"http:\/\/www.boto.cz\/wp-content\/gallery\/pozorovani-pro-verejnost\/img_365.jpg\"\n               data-thumbnail=\"http:\/\/www.boto.cz\/wp-content\/gallery\/pozorovani-pro-verejnost\/thumbs\/thumbs_img_365.jpg\"\n               data-image-id=\"281\"\n               data-title=\"Prezentace oblasti s pozorov\u00e1n\u00edm Slunce ve skanzenu v Ro\u017enov\u011b 6\/13\"\n               data-description=\"Prezentace oblasti s pozorov\u00e1n\u00edm Slunce ve skanzenu v Ro\u017enov\u011b 6\/13\"\n               data-image-slug=\"prezentace-oblasti-s-pozorovanim-slunce-ve-skanzenu-v-roznove-613-2\"\n               class=\"shutterset_e39829b1f0263ec1234cd3b435004791\">\n                <img\n                    title=\"Prezentace oblasti s pozorov\u00e1n\u00edm Slunce ve skanzenu v Ro\u017enov\u011b 6\/13\"\n                    alt=\"Prezentace oblasti s pozorov\u00e1n\u00edm Slunce ve skanzenu v Ro\u017enov\u011b 6\/13\"\n                    src=\"http:\/\/www.boto.cz\/wp-content\/gallery\/pozorovani-pro-verejnost\/thumbs\/thumbs_img_365.jpg\"\n                    width=\"170\"\n                    height=\"140\"\n                    style=\"max-width:100%;\"\n                \/>\n            <\/a>\n        <\/div>\n\t\t\t\t\t\t\t<\/div> \n\t\t\t\n\t\t\t\t<div id=\"ngg-image-17\" class=\"ngg-gallery-thumbnail-box \" >\n\t\t\t\t        <div class=\"ngg-gallery-thumbnail\">\n            <a href=\"http:\/\/www.boto.cz\/wp-content\/gallery\/pozorovani-pro-verejnost\/img_4.jpg\"\n               title=\"Jarn\u00ed astronomick\u00fd den 5\/13\"\n               data-src=\"http:\/\/www.boto.cz\/wp-content\/gallery\/pozorovani-pro-verejnost\/img_4.jpg\"\n               data-thumbnail=\"http:\/\/www.boto.cz\/wp-content\/gallery\/pozorovani-pro-verejnost\/thumbs\/thumbs_img_4.jpg\"\n               data-image-id=\"282\"\n               data-title=\"Jarn\u00ed astronomick\u00fd den 5\/13\"\n               data-description=\"Jarn\u00ed astronomick\u00fd den 5\/13\"\n               data-image-slug=\"jarni-astronomicky-den-513-12\"\n               class=\"shutterset_e39829b1f0263ec1234cd3b435004791\">\n                <img\n                    title=\"Jarn\u00ed astronomick\u00fd den 5\/13\"\n                    alt=\"Jarn\u00ed astronomick\u00fd den 5\/13\"\n                    src=\"http:\/\/www.boto.cz\/wp-content\/gallery\/pozorovani-pro-verejnost\/thumbs\/thumbs_img_4.jpg\"\n                    width=\"170\"\n                    height=\"140\"\n                    style=\"max-width:100%;\"\n                \/>\n            <\/a>\n        <\/div>\n\t\t\t\t\t\t\t<\/div> \n\t\t\t\n\t\t\t\t<div id=\"ngg-image-18\" class=\"ngg-gallery-thumbnail-box \" >\n\t\t\t\t        <div class=\"ngg-gallery-thumbnail\">\n            <a href=\"http:\/\/www.boto.cz\/wp-content\/gallery\/pozorovani-pro-verejnost\/img_7657.jpg\"\n               title=\"Noc v\u011bdc\u016f 9\/12\"\n               data-src=\"http:\/\/www.boto.cz\/wp-content\/gallery\/pozorovani-pro-verejnost\/img_7657.jpg\"\n               data-thumbnail=\"http:\/\/www.boto.cz\/wp-content\/gallery\/pozorovani-pro-verejnost\/thumbs\/thumbs_img_7657.jpg\"\n               data-image-id=\"283\"\n               data-title=\"Noc v\u011bdc\u016f 9\/12\"\n               data-description=\"Noc v\u011bdc\u016f 9\/12\"\n               data-image-slug=\"noc-vedcu-912-2\"\n               class=\"shutterset_e39829b1f0263ec1234cd3b435004791\">\n                <img\n                    title=\"Noc v\u011bdc\u016f 9\/12\"\n                    alt=\"Noc v\u011bdc\u016f 9\/12\"\n                    src=\"http:\/\/www.boto.cz\/wp-content\/gallery\/pozorovani-pro-verejnost\/thumbs\/thumbs_img_7657.jpg\"\n                    width=\"170\"\n                    height=\"140\"\n                    style=\"max-width:100%;\"\n                \/>\n            <\/a>\n        <\/div>\n\t\t\t\t\t\t\t<\/div> \n\t\t\t\n\t\t\t\t<div id=\"ngg-image-19\" class=\"ngg-gallery-thumbnail-box \" >\n\t\t\t\t        <div class=\"ngg-gallery-thumbnail\">\n            <a href=\"http:\/\/www.boto.cz\/wp-content\/gallery\/pozorovani-pro-verejnost\/img_9941.jpg\"\n               title=\"Jarn\u00ed astronomick\u00fd den 5\/13\"\n               data-src=\"http:\/\/www.boto.cz\/wp-content\/gallery\/pozorovani-pro-verejnost\/img_9941.jpg\"\n               data-thumbnail=\"http:\/\/www.boto.cz\/wp-content\/gallery\/pozorovani-pro-verejnost\/thumbs\/thumbs_img_9941.jpg\"\n               data-image-id=\"284\"\n               data-title=\"Jarn\u00ed astronomick\u00fd den 5\/13\"\n               data-description=\"Jarn\u00ed astronomick\u00fd den 5\/13\"\n               data-image-slug=\"jarni-astronomicky-den-513-13\"\n               class=\"shutterset_e39829b1f0263ec1234cd3b435004791\">\n                <img\n                    title=\"Jarn\u00ed astronomick\u00fd den 5\/13\"\n                    alt=\"Jarn\u00ed astronomick\u00fd den 5\/13\"\n                    src=\"http:\/\/www.boto.cz\/wp-content\/gallery\/pozorovani-pro-verejnost\/thumbs\/thumbs_img_9941.jpg\"\n                    width=\"170\"\n                    height=\"140\"\n                    style=\"max-width:100%;\"\n                \/>\n            <\/a>\n        <\/div>\n\t\t\t\t\t\t\t<\/div> \n\t\t\t\n\t\t\t\t<div id=\"ngg-image-20\" class=\"ngg-gallery-thumbnail-box \" >\n\t\t\t\t        <div class=\"ngg-gallery-thumbnail\">\n            <a href=\"http:\/\/www.boto.cz\/wp-content\/gallery\/pozorovani-pro-verejnost\/img_9944.jpg\"\n               title=\"Jarn\u00ed astronomick\u00fd den 5\/13\"\n               data-src=\"http:\/\/www.boto.cz\/wp-content\/gallery\/pozorovani-pro-verejnost\/img_9944.jpg\"\n               data-thumbnail=\"http:\/\/www.boto.cz\/wp-content\/gallery\/pozorovani-pro-verejnost\/thumbs\/thumbs_img_9944.jpg\"\n               data-image-id=\"285\"\n               data-title=\"Jarn\u00ed astronomick\u00fd den 5\/13\"\n               data-description=\"Jarn\u00ed astronomick\u00fd den 5\/13\"\n               data-image-slug=\"jarni-astronomicky-den-513-14\"\n               class=\"shutterset_e39829b1f0263ec1234cd3b435004791\">\n                <img\n                    title=\"Jarn\u00ed astronomick\u00fd den 5\/13\"\n                    alt=\"Jarn\u00ed astronomick\u00fd den 5\/13\"\n                    src=\"http:\/\/www.boto.cz\/wp-content\/gallery\/pozorovani-pro-verejnost\/thumbs\/thumbs_img_9944.jpg\"\n                    width=\"170\"\n                    height=\"140\"\n                    style=\"max-width:100%;\"\n                \/>\n            <\/a>\n        <\/div>\n\t\t\t\t\t\t\t<\/div> \n\t\t\t\n\t\t\t\t<div id=\"ngg-image-21\" class=\"ngg-gallery-thumbnail-box \" >\n\t\t\t\t        <div class=\"ngg-gallery-thumbnail\">\n            <a href=\"http:\/\/www.boto.cz\/wp-content\/gallery\/pozorovani-pro-verejnost\/img_9966.jpg\"\n               title=\"Jarn\u00ed astronomick\u00fd den 5\/13\"\n               data-src=\"http:\/\/www.boto.cz\/wp-content\/gallery\/pozorovani-pro-verejnost\/img_9966.jpg\"\n               data-thumbnail=\"http:\/\/www.boto.cz\/wp-content\/gallery\/pozorovani-pro-verejnost\/thumbs\/thumbs_img_9966.jpg\"\n               data-image-id=\"286\"\n               data-title=\"Jarn\u00ed astronomick\u00fd den 5\/13\"\n               data-description=\"Jarn\u00ed astronomick\u00fd den 5\/13\"\n               data-image-slug=\"jarni-astronomicky-den-513-15\"\n               class=\"shutterset_e39829b1f0263ec1234cd3b435004791\">\n                <img\n                    title=\"Jarn\u00ed astronomick\u00fd den 5\/13\"\n                    alt=\"Jarn\u00ed astronomick\u00fd den 5\/13\"\n                    src=\"http:\/\/www.boto.cz\/wp-content\/gallery\/pozorovani-pro-verejnost\/thumbs\/thumbs_img_9966.jpg\"\n                    width=\"170\"\n                    height=\"140\"\n                    style=\"max-width:100%;\"\n                \/>\n            <\/a>\n        <\/div>\n\t\t\t\t\t\t\t<\/div> \n\t\t\t\n\t\t\t\t<div id=\"ngg-image-22\" class=\"ngg-gallery-thumbnail-box \" >\n\t\t\t\t        <div class=\"ngg-gallery-thumbnail\">\n            <a href=\"http:\/\/www.boto.cz\/wp-content\/gallery\/pozorovani-pro-verejnost\/img_9982.jpg\"\n               title=\"Jarn\u00ed astronomick\u00fd den 5\/13\"\n               data-src=\"http:\/\/www.boto.cz\/wp-content\/gallery\/pozorovani-pro-verejnost\/img_9982.jpg\"\n               data-thumbnail=\"http:\/\/www.boto.cz\/wp-content\/gallery\/pozorovani-pro-verejnost\/thumbs\/thumbs_img_9982.jpg\"\n               data-image-id=\"287\"\n               data-title=\"Jarn\u00ed astronomick\u00fd den 5\/13\"\n               data-description=\"Jarn\u00ed astronomick\u00fd den 5\/13\"\n               data-image-slug=\"jarni-astronomicky-den-513-16\"\n               class=\"shutterset_e39829b1f0263ec1234cd3b435004791\">\n                <img\n                    title=\"Jarn\u00ed astronomick\u00fd den 5\/13\"\n                    alt=\"Jarn\u00ed astronomick\u00fd den 5\/13\"\n                    src=\"http:\/\/www.boto.cz\/wp-content\/gallery\/pozorovani-pro-verejnost\/thumbs\/thumbs_img_9982.jpg\"\n                    width=\"170\"\n                    height=\"140\"\n                    style=\"max-width:100%;\"\n                \/>\n            <\/a>\n        <\/div>\n\t\t\t\t\t\t\t<\/div> \n\t\t\t\n\t\t\t\t<div id=\"ngg-image-23\" class=\"ngg-gallery-thumbnail-box \" >\n\t\t\t\t        <div class=\"ngg-gallery-thumbnail\">\n            <a href=\"http:\/\/www.boto.cz\/wp-content\/gallery\/pozorovani-pro-verejnost\/img_9989.jpg\"\n               title=\"Jarn\u00ed astronomick\u00fd den 5\/13\"\n               data-src=\"http:\/\/www.boto.cz\/wp-content\/gallery\/pozorovani-pro-verejnost\/img_9989.jpg\"\n               data-thumbnail=\"http:\/\/www.boto.cz\/wp-content\/gallery\/pozorovani-pro-verejnost\/thumbs\/thumbs_img_9989.jpg\"\n               data-image-id=\"288\"\n               data-title=\"Jarn\u00ed astronomick\u00fd den 5\/13\"\n               data-description=\"Jarn\u00ed astronomick\u00fd den 5\/13\"\n               data-image-slug=\"jarni-astronomicky-den-513-17\"\n               class=\"shutterset_e39829b1f0263ec1234cd3b435004791\">\n                <img\n                    title=\"Jarn\u00ed astronomick\u00fd den 5\/13\"\n                    alt=\"Jarn\u00ed astronomick\u00fd den 5\/13\"\n                    src=\"http:\/\/www.boto.cz\/wp-content\/gallery\/pozorovani-pro-verejnost\/thumbs\/thumbs_img_9989.jpg\"\n                    width=\"170\"\n                    height=\"140\"\n                    style=\"max-width:100%;\"\n                \/>\n            <\/a>\n        <\/div>\n\t\t\t\t\t\t\t<\/div> \n\t\t\t\n\t\t\t\t<div id=\"ngg-image-24\" class=\"ngg-gallery-thumbnail-box \" >\n\t\t\t\t        <div class=\"ngg-gallery-thumbnail\">\n            <a href=\"http:\/\/www.boto.cz\/wp-content\/gallery\/pozorovani-pro-verejnost\/img_9993.jpg\"\n               title=\"Jarn\u00ed astronomick\u00fd den 5\/13\"\n               data-src=\"http:\/\/www.boto.cz\/wp-content\/gallery\/pozorovani-pro-verejnost\/img_9993.jpg\"\n               data-thumbnail=\"http:\/\/www.boto.cz\/wp-content\/gallery\/pozorovani-pro-verejnost\/thumbs\/thumbs_img_9993.jpg\"\n               data-image-id=\"289\"\n               data-title=\"Jarn\u00ed astronomick\u00fd den 5\/13\"\n               data-description=\"Jarn\u00ed astronomick\u00fd den 5\/13\"\n               data-image-slug=\"jarni-astronomicky-den-513-18\"\n               class=\"shutterset_e39829b1f0263ec1234cd3b435004791\">\n                <img\n                    title=\"Jarn\u00ed astronomick\u00fd den 5\/13\"\n                    alt=\"Jarn\u00ed astronomick\u00fd den 5\/13\"\n                    src=\"http:\/\/www.boto.cz\/wp-content\/gallery\/pozorovani-pro-verejnost\/thumbs\/thumbs_img_9993.jpg\"\n                    width=\"170\"\n                    height=\"140\"\n                    style=\"max-width:100%;\"\n                \/>\n            <\/a>\n        <\/div>\n\t\t\t\t\t\t\t<\/div> \n\t\t\t\n\t\t\t\t<div id=\"ngg-image-25\" class=\"ngg-gallery-thumbnail-box \" >\n\t\t\t\t        <div class=\"ngg-gallery-thumbnail\">\n            <a href=\"http:\/\/www.boto.cz\/wp-content\/gallery\/pozorovani-pro-verejnost\/img_1326.jpg\"\n               title=\"Pozorov\u00e1n\u00ed po koncertu v kostele na Hamrech 9\/13\"\n               data-src=\"http:\/\/www.boto.cz\/wp-content\/gallery\/pozorovani-pro-verejnost\/img_1326.jpg\"\n               data-thumbnail=\"http:\/\/www.boto.cz\/wp-content\/gallery\/pozorovani-pro-verejnost\/thumbs\/thumbs_img_1326.jpg\"\n               data-image-id=\"290\"\n               data-title=\"Pozorov\u00e1n\u00ed po koncertu v kostele na Hamrech 9\/13\"\n               data-description=\"Pozorov\u00e1n\u00ed po koncertu v kostele na Hamrech 9\/13\"\n               data-image-slug=\"pozorovani-po-koncertu-v-kostele-na-hamrech-913\"\n               class=\"shutterset_e39829b1f0263ec1234cd3b435004791\">\n                <img\n                    title=\"Pozorov\u00e1n\u00ed po koncertu v kostele na Hamrech 9\/13\"\n                    alt=\"Pozorov\u00e1n\u00ed po koncertu v kostele na Hamrech 9\/13\"\n                    src=\"http:\/\/www.boto.cz\/wp-content\/gallery\/pozorovani-pro-verejnost\/thumbs\/thumbs_img_1326.jpg\"\n                    width=\"170\"\n                    height=\"140\"\n                    style=\"max-width:100%;\"\n                \/>\n            <\/a>\n        <\/div>\n\t\t\t\t\t\t\t<\/div> \n\t\t\t\n\t\t\t\t<div id=\"ngg-image-26\" class=\"ngg-gallery-thumbnail-box \" >\n\t\t\t\t        <div class=\"ngg-gallery-thumbnail\">\n            <a href=\"http:\/\/www.boto.cz\/wp-content\/gallery\/pozorovani-pro-verejnost\/img_1339.jpg\"\n               title=\"Pozorov\u00e1n\u00ed po koncertu v kostele na Hamrech 9\/13\"\n               data-src=\"http:\/\/www.boto.cz\/wp-content\/gallery\/pozorovani-pro-verejnost\/img_1339.jpg\"\n               data-thumbnail=\"http:\/\/www.boto.cz\/wp-content\/gallery\/pozorovani-pro-verejnost\/thumbs\/thumbs_img_1339.jpg\"\n               data-image-id=\"291\"\n               data-title=\"Pozorov\u00e1n\u00ed po koncertu v kostele na Hamrech 9\/13\"\n               data-description=\"Pozorov\u00e1n\u00ed po koncertu v kostele na Hamrech 9\/13\"\n               data-image-slug=\"pozorovani-po-koncertu-v-kostele-na-hamrech-913-2\"\n               class=\"shutterset_e39829b1f0263ec1234cd3b435004791\">\n                <img\n                    title=\"Pozorov\u00e1n\u00ed po koncertu v kostele na Hamrech 9\/13\"\n                    alt=\"Pozorov\u00e1n\u00ed po koncertu v kostele na Hamrech 9\/13\"\n                    src=\"http:\/\/www.boto.cz\/wp-content\/gallery\/pozorovani-pro-verejnost\/thumbs\/thumbs_img_1339.jpg\"\n                    width=\"170\"\n                    height=\"140\"\n                    style=\"max-width:100%;\"\n                \/>\n            <\/a>\n        <\/div>\n\t\t\t\t\t\t\t<\/div> \n\t\t\t\n\t\t\t\t<div id=\"ngg-image-27\" class=\"ngg-gallery-thumbnail-box \" >\n\t\t\t\t        <div class=\"ngg-gallery-thumbnail\">\n            <a href=\"http:\/\/www.boto.cz\/wp-content\/gallery\/pozorovani-pro-verejnost\/img_1361.jpg\"\n               title=\"Pozorov\u00e1n\u00ed po koncertu v kostele na Hamrech 9\/13\"\n               data-src=\"http:\/\/www.boto.cz\/wp-content\/gallery\/pozorovani-pro-verejnost\/img_1361.jpg\"\n               data-thumbnail=\"http:\/\/www.boto.cz\/wp-content\/gallery\/pozorovani-pro-verejnost\/thumbs\/thumbs_img_1361.jpg\"\n               data-image-id=\"292\"\n               data-title=\"Pozorov\u00e1n\u00ed po koncertu v kostele na Hamrech 9\/13\"\n               data-description=\"Pozorov\u00e1n\u00ed po koncertu v kostele na Hamrech 9\/13\"\n               data-image-slug=\"pozorovani-po-koncertu-v-kostele-na-hamrech-913-3\"\n               class=\"shutterset_e39829b1f0263ec1234cd3b435004791\">\n                <img\n                    title=\"Pozorov\u00e1n\u00ed po koncertu v kostele na Hamrech 9\/13\"\n                    alt=\"Pozorov\u00e1n\u00ed po koncertu v kostele na Hamrech 9\/13\"\n                    src=\"http:\/\/www.boto.cz\/wp-content\/gallery\/pozorovani-pro-verejnost\/thumbs\/thumbs_img_1361.jpg\"\n                    width=\"170\"\n                    height=\"140\"\n                    style=\"max-width:100%;\"\n                \/>\n            <\/a>\n        <\/div>\n\t\t\t\t\t\t\t<\/div> \n\t\t\t\n\t\t\t\t<div id=\"ngg-image-28\" class=\"ngg-gallery-thumbnail-box \" >\n\t\t\t\t        <div class=\"ngg-gallery-thumbnail\">\n            <a href=\"http:\/\/www.boto.cz\/wp-content\/gallery\/pozorovani-pro-verejnost\/img_1367.jpg\"\n               title=\"Pozorov\u00e1n\u00ed po koncertu v kostele na Hamrech 9\/13\"\n               data-src=\"http:\/\/www.boto.cz\/wp-content\/gallery\/pozorovani-pro-verejnost\/img_1367.jpg\"\n               data-thumbnail=\"http:\/\/www.boto.cz\/wp-content\/gallery\/pozorovani-pro-verejnost\/thumbs\/thumbs_img_1367.jpg\"\n               data-image-id=\"293\"\n               data-title=\"Pozorov\u00e1n\u00ed po koncertu v kostele na Hamrech 9\/13\"\n               data-description=\"Pozorov\u00e1n\u00ed po koncertu v kostele na Hamrech 9\/13\"\n               data-image-slug=\"pozorovani-po-koncertu-v-kostele-na-hamrech-913-4\"\n               class=\"shutterset_e39829b1f0263ec1234cd3b435004791\">\n                <img\n                    title=\"Pozorov\u00e1n\u00ed po koncertu v kostele na Hamrech 9\/13\"\n                    alt=\"Pozorov\u00e1n\u00ed po koncertu v kostele na Hamrech 9\/13\"\n                    src=\"http:\/\/www.boto.cz\/wp-content\/gallery\/pozorovani-pro-verejnost\/thumbs\/thumbs_img_1367.jpg\"\n                    width=\"170\"\n                    height=\"140\"\n                    style=\"max-width:100%;\"\n                \/>\n            <\/a>\n        <\/div>\n\t\t\t\t\t\t\t<\/div> \n\t\t\t\n\t\t\t\t<div id=\"ngg-image-29\" class=\"ngg-gallery-thumbnail-box \" >\n\t\t\t\t        <div class=\"ngg-gallery-thumbnail\">\n            <a href=\"http:\/\/www.boto.cz\/wp-content\/gallery\/pozorovani-pro-verejnost\/img_1372.jpg\"\n               title=\"Pozorov\u00e1n\u00ed po koncertu v kostele na Hamrech 9\/13\"\n               data-src=\"http:\/\/www.boto.cz\/wp-content\/gallery\/pozorovani-pro-verejnost\/img_1372.jpg\"\n               data-thumbnail=\"http:\/\/www.boto.cz\/wp-content\/gallery\/pozorovani-pro-verejnost\/thumbs\/thumbs_img_1372.jpg\"\n               data-image-id=\"294\"\n               data-title=\"Pozorov\u00e1n\u00ed po koncertu v kostele na Hamrech 9\/13\"\n               data-description=\"Pozorov\u00e1n\u00ed po koncertu v kostele na Hamrech 9\/13\"\n               data-image-slug=\"pozorovani-po-koncertu-v-kostele-na-hamrech-913-5\"\n               class=\"shutterset_e39829b1f0263ec1234cd3b435004791\">\n                <img\n                    title=\"Pozorov\u00e1n\u00ed po koncertu v kostele na Hamrech 9\/13\"\n                    alt=\"Pozorov\u00e1n\u00ed po koncertu v kostele na Hamrech 9\/13\"\n                    src=\"http:\/\/www.boto.cz\/wp-content\/gallery\/pozorovani-pro-verejnost\/thumbs\/thumbs_img_1372.jpg\"\n                    width=\"170\"\n                    height=\"140\"\n                    style=\"max-width:100%;\"\n                \/>\n            <\/a>\n        <\/div>\n\t\t\t\t\t\t\t<\/div> \n\t\t\t\n\t\t\t\t<div id=\"ngg-image-30\" class=\"ngg-gallery-thumbnail-box \" >\n\t\t\t\t        <div class=\"ngg-gallery-thumbnail\">\n            <a href=\"http:\/\/www.boto.cz\/wp-content\/gallery\/pozorovani-pro-verejnost\/img_1380.jpg\"\n               title=\"Pozorov\u00e1n\u00ed po koncertu v kostele na Hamrech 9\/13\"\n               data-src=\"http:\/\/www.boto.cz\/wp-content\/gallery\/pozorovani-pro-verejnost\/img_1380.jpg\"\n               data-thumbnail=\"http:\/\/www.boto.cz\/wp-content\/gallery\/pozorovani-pro-verejnost\/thumbs\/thumbs_img_1380.jpg\"\n               data-image-id=\"295\"\n               data-title=\"Pozorov\u00e1n\u00ed po koncertu v kostele na Hamrech 9\/13\"\n               data-description=\"Pozorov\u00e1n\u00ed po koncertu v kostele na Hamrech 9\/13\"\n               data-image-slug=\"pozorovani-po-koncertu-v-kostele-na-hamrech-913-6\"\n               class=\"shutterset_e39829b1f0263ec1234cd3b435004791\">\n                <img\n                    title=\"Pozorov\u00e1n\u00ed po koncertu v kostele na Hamrech 9\/13\"\n                    alt=\"Pozorov\u00e1n\u00ed po koncertu v kostele na Hamrech 9\/13\"\n                    src=\"http:\/\/www.boto.cz\/wp-content\/gallery\/pozorovani-pro-verejnost\/thumbs\/thumbs_img_1380.jpg\"\n                    width=\"170\"\n                    height=\"140\"\n                    style=\"max-width:100%;\"\n                \/>\n            <\/a>\n        <\/div>\n\t\t\t\t\t\t\t<\/div> \n\t\t\t\n\t\t\t\t<div id=\"ngg-image-31\" class=\"ngg-gallery-thumbnail-box \" >\n\t\t\t\t        <div class=\"ngg-gallery-thumbnail\">\n            <a href=\"http:\/\/www.boto.cz\/wp-content\/gallery\/pozorovani-pro-verejnost\/img_1383.jpg\"\n               title=\"Pozorov\u00e1n\u00ed po koncertu v kostele na Hamrech 9\/13\"\n               data-src=\"http:\/\/www.boto.cz\/wp-content\/gallery\/pozorovani-pro-verejnost\/img_1383.jpg\"\n               data-thumbnail=\"http:\/\/www.boto.cz\/wp-content\/gallery\/pozorovani-pro-verejnost\/thumbs\/thumbs_img_1383.jpg\"\n               data-image-id=\"296\"\n               data-title=\"Pozorov\u00e1n\u00ed po koncertu v kostele na Hamrech 9\/13\"\n               data-description=\"Pozorov\u00e1n\u00ed po koncertu v kostele na Hamrech 9\/13\"\n               data-image-slug=\"pozorovani-po-koncertu-v-kostele-na-hamrech-913-7\"\n               class=\"shutterset_e39829b1f0263ec1234cd3b435004791\">\n                <img\n                    title=\"Pozorov\u00e1n\u00ed po koncertu v kostele na Hamrech 9\/13\"\n                    alt=\"Pozorov\u00e1n\u00ed po koncertu v kostele na Hamrech 9\/13\"\n                    src=\"http:\/\/www.boto.cz\/wp-content\/gallery\/pozorovani-pro-verejnost\/thumbs\/thumbs_img_1383.jpg\"\n                    width=\"170\"\n                    height=\"140\"\n                    style=\"max-width:100%;\"\n                \/>\n            <\/a>\n        <\/div>\n\t\t\t\t\t\t\t<\/div> \n\t\t\t\n\t\t\t\t<div id=\"ngg-image-32\" class=\"ngg-gallery-thumbnail-box \" >\n\t\t\t\t        <div class=\"ngg-gallery-thumbnail\">\n            <a href=\"http:\/\/www.boto.cz\/wp-content\/gallery\/pozorovani-pro-verejnost\/img_1385.jpg\"\n               title=\"Pozorov\u00e1n\u00ed po koncertu v kostele na Hamrech 9\/13\"\n               data-src=\"http:\/\/www.boto.cz\/wp-content\/gallery\/pozorovani-pro-verejnost\/img_1385.jpg\"\n               data-thumbnail=\"http:\/\/www.boto.cz\/wp-content\/gallery\/pozorovani-pro-verejnost\/thumbs\/thumbs_img_1385.jpg\"\n               data-image-id=\"297\"\n               data-title=\"Pozorov\u00e1n\u00ed po koncertu v kostele na Hamrech 9\/13\"\n               data-description=\"Pozorov\u00e1n\u00ed po koncertu v kostele na Hamrech 9\/13\"\n               data-image-slug=\"pozorovani-po-koncertu-v-kostele-na-hamrech-913-8\"\n               class=\"shutterset_e39829b1f0263ec1234cd3b435004791\">\n                <img\n                    title=\"Pozorov\u00e1n\u00ed po koncertu v kostele na Hamrech 9\/13\"\n                    alt=\"Pozorov\u00e1n\u00ed po koncertu v kostele na Hamrech 9\/13\"\n                    src=\"http:\/\/www.boto.cz\/wp-content\/gallery\/pozorovani-pro-verejnost\/thumbs\/thumbs_img_1385.jpg\"\n                    width=\"170\"\n                    height=\"140\"\n                    style=\"max-width:100%;\"\n                \/>\n            <\/a>\n        <\/div>\n\t\t\t\t\t\t\t<\/div> \n\t\t\t\n\t\t\t\t<div id=\"ngg-image-33\" class=\"ngg-gallery-thumbnail-box \" >\n\t\t\t\t        <div class=\"ngg-gallery-thumbnail\">\n            <a href=\"http:\/\/www.boto.cz\/wp-content\/gallery\/pozorovani-pro-verejnost\/img_1391.jpg\"\n               title=\"Pozorov\u00e1n\u00ed po koncertu v kostele na Hamrech 9\/13\"\n               data-src=\"http:\/\/www.boto.cz\/wp-content\/gallery\/pozorovani-pro-verejnost\/img_1391.jpg\"\n               data-thumbnail=\"http:\/\/www.boto.cz\/wp-content\/gallery\/pozorovani-pro-verejnost\/thumbs\/thumbs_img_1391.jpg\"\n               data-image-id=\"298\"\n               data-title=\"Pozorov\u00e1n\u00ed po koncertu v kostele na Hamrech 9\/13\"\n               data-description=\"Pozorov\u00e1n\u00ed po koncertu v kostele na Hamrech 9\/13\"\n               data-image-slug=\"pozorovani-po-koncertu-v-kostele-na-hamrech-913-9\"\n               class=\"shutterset_e39829b1f0263ec1234cd3b435004791\">\n                <img\n                    title=\"Pozorov\u00e1n\u00ed po koncertu v kostele na Hamrech 9\/13\"\n                    alt=\"Pozorov\u00e1n\u00ed po koncertu v kostele na Hamrech 9\/13\"\n                    src=\"http:\/\/www.boto.cz\/wp-content\/gallery\/pozorovani-pro-verejnost\/thumbs\/thumbs_img_1391.jpg\"\n                    width=\"170\"\n                    height=\"140\"\n                    style=\"max-width:100%;\"\n                \/>\n            <\/a>\n        <\/div>\n\t\t\t\t\t\t\t<\/div> \n\t\t\t\n\t\n\t<br style=\"clear: both\" \/>\n\n\t\n\t\t<div class=\"ngg-clear\"><\/div>\n\t<\/div>\n\n","protected":false},"excerpt":{"rendered":"<p>Pozorov\u00e1n\u00ed pro ve\u0159ejnost v Beskydsk\u00e9 oblasti tmav\u00e9 oblohy.<\/p>\n","protected":false},"author":2,"featured_media":0,"parent":14,"menu_order":0,"comment_status":"open","ping_status":"open","template":"","meta":{"ngg_post_thumbnail":0},"_links":{"self":[{"href":"http:\/\/www.boto.cz\/index.php?rest_route=\/wp\/v2\/pages\/691"}],"collection":[{"href":"http:\/\/www.boto.cz\/index.php?rest_route=\/wp\/v2\/pages"}],"about":[{"href":"http:\/\/www.boto.cz\/index.php?rest_route=\/wp\/v2\/types\/page"}],"author":[{"embeddable":true,"href":"http:\/\/www.boto.cz\/index.php?rest_route=\/wp\/v2\/users\/2"}],"replies":[{"embeddable":true,"href":"http:\/\/www.boto.cz\/index.php?rest_route=%2Fwp%2Fv2%2Fcomments&post=691"}],"version-history":[{"count":4,"href":"http:\/\/www.boto.cz\/index.php?rest_route=\/wp\/v2\/pages\/691\/revisions"}],"predecessor-version":[{"id":705,"href":"http:\/\/www.boto.cz\/index.php?rest_route=\/wp\/v2\/pages\/691\/revisions\/705"}],"up":[{"embeddable":true,"href":"http:\/\/www.boto.cz\/index.php?rest_route=\/wp\/v2\/pages\/14"}],"wp:attachment":[{"href":"http:\/\/www.boto.cz\/index.php?rest_route=%2Fwp%2Fv2%2Fmedia&parent=691"}],"curies":[{"name":"wp","href":"https:\/\/api.w.org\/{rel}","templated":true}]}}